{"id":62,"date":"2020-10-30T17:44:26","date_gmt":"2020-10-30T17:44:26","guid":{"rendered":"https:\/\/zum-muehlbauer.de\/?page_id=62"},"modified":"2025-08-16T08:46:25","modified_gmt":"2025-08-16T08:46:25","slug":"urlaub-in-der-jachenau","status":"publish","type":"page","link":"https:\/\/zum-muehlbauer.de\/index.php\/urlaub-in-der-jachenau\/","title":{"rendered":"Urlaubsziel Jachenau"},"content":{"rendered":"\n<p><\/p>\n\n\n\n<p><\/p>\n\n\n\n<p><\/p>\n\n\n\n<h2 class=\"wp-block-heading\">Urlaub in der Jachenau<\/h2>\n\n\n\n<p>Sie wollen in Ihrem Urlaub entspannen und die Natur genie\u00dfen? Oder lieber die Gipfel der umliegenden Berge erklimmen? Oder doch lieber mit dem Rad die Landschaft erkunden?<\/p>\n\n\n\n<p>Dann sind Sie bei uns in der Jachenau genau richtig!<\/p>\n\n\n\n<p>Jachenau liegt 80 km s\u00fcdlich von M\u00fcnchen, zwischen Bad T\u00f6lz und Garmisch-Partenkirchen, in den Bayerischen Voralpen auf der S\u00fcdseite der Benediktenwand (1801 m) und nahe am Walchensee.<\/p>\n\n\n\n<p>Mit gerade mal 800 Einwohnern ist unser Dorf recht beschaulich, daf\u00fcr aber umso authentischer. Bei uns wird Tradition und Brauchtum gro\u00dfgeschrieben. Erleben Sie hier die bayerische Lebensart hautnah.<\/p>\n\n\n\n<div class=\"wp-block-columns alignfull is-layout-flex wp-container-core-columns-is-layout-9d6595d7 wp-block-columns-is-layout-flex\">\n<div class=\"wp-block-column is-layout-flow wp-block-column-is-layout-flow\" style=\"flex-basis:100%\">\n<div class=\"wp-block-columns alignfull is-layout-flex wp-container-core-columns-is-layout-9d6595d7 wp-block-columns-is-layout-flex\">\n<div class=\"wp-block-column is-layout-flow wp-block-column-is-layout-flow\" style=\"flex-basis:100%\">\n<p><\/p>\n\n\n\n<p><\/p>\n\n\n\n<div class=\"wp-block-columns is-layout-flex wp-container-core-columns-is-layout-9d6595d7 wp-block-columns-is-layout-flex\">\n<div class=\"wp-block-column is-layout-flow wp-block-column-is-layout-flow\" style=\"flex-basis:100%\"><\/div>\n<\/div>\n\n\n\n<div class=\"wp-block-media-text alignfull is-stacked-on-mobile\" style=\"grid-template-columns:25% auto\"><figure class=\"wp-block-media-text__media\"><img loading=\"lazy\" decoding=\"async\" width=\"1024\" height=\"768\" src=\"https:\/\/zum-muehlbauer.de\/wp-content\/uploads\/2021\/10\/schild-1-1024x768.jpg\" alt=\"\" class=\"wp-image-949 size-full\" srcset=\"https:\/\/zum-muehlbauer.de\/wp-content\/uploads\/2021\/10\/schild-1-1024x768.jpg 1024w, https:\/\/zum-muehlbauer.de\/wp-content\/uploads\/2021\/10\/schild-1-300x225.jpg 300w, https:\/\/zum-muehlbauer.de\/wp-content\/uploads\/2021\/10\/schild-1-768x576.jpg 768w, https:\/\/zum-muehlbauer.de\/wp-content\/uploads\/2021\/10\/schild-1-1536x1152.jpg 1536w, https:\/\/zum-muehlbauer.de\/wp-content\/uploads\/2021\/10\/schild-1-2048x1536.jpg 2048w\" sizes=\"auto, (max-width: 1024px) 100vw, 1024px\" \/><\/figure><div class=\"wp-block-media-text__content\">\n<p><\/p>\n\n\n\n<p><strong>Wandern<\/strong> <strong>und Radfahren<\/strong>:<\/p>\n\n\n\n<p>Die Jachenau ist Ausgangspunkt f\u00fcr zahlreiche Wanderungen. Genie\u00dfen Sie zum Beispiel bei einer Benediktwand-\u00dcberschreitung die grandiose Aussicht in die Alpen oder entdecken Sie bei einer Radtour um den Walchensee die Landschaft. Gerne geben wir Ihnen bei Ihrer Ankunft passende Tourenempfehlungen.<\/p>\n\n\n\n<p><\/p>\n<\/div><\/div>\n\n\n\n<p><\/p>\n\n\n\n<div class=\"wp-block-media-text is-stacked-on-mobile\" style=\"grid-template-columns:25% auto\"><figure class=\"wp-block-media-text__media\"><img loading=\"lazy\" decoding=\"async\" width=\"1024\" height=\"768\" src=\"https:\/\/zum-muehlbauer.de\/wp-content\/uploads\/2021\/10\/gondel-Herzogstand-1024x768.jpg\" alt=\"\" class=\"wp-image-934 size-full\" srcset=\"https:\/\/zum-muehlbauer.de\/wp-content\/uploads\/2021\/10\/gondel-Herzogstand-1024x768.jpg 1024w, https:\/\/zum-muehlbauer.de\/wp-content\/uploads\/2021\/10\/gondel-Herzogstand-300x225.jpg 300w, https:\/\/zum-muehlbauer.de\/wp-content\/uploads\/2021\/10\/gondel-Herzogstand-768x576.jpg 768w, https:\/\/zum-muehlbauer.de\/wp-content\/uploads\/2021\/10\/gondel-Herzogstand.jpg 1440w\" sizes=\"auto, (max-width: 1024px) 100vw, 1024px\" \/><\/figure><div class=\"wp-block-media-text__content\">\n<p><\/p>\n\n\n\n<p><strong>Herzogstand:<\/strong><\/p>\n\n\n\n<p>Der Herzogstand ist einer der ber\u00fchmten Hausberge und bietet grandiose Ausblicke auf den Walchen- und Kochelsee und ins Karwendel. Sie k\u00f6nnen gem\u00fctlich mit der Seilbahn nach oben bringen lassen und den Weg bis zum Gipfelkreuz erwandern.<em> <\/em><a href=\"https:\/\/www.herzogstandbahn.de\/\">https:\/\/www.herzogstandbahn.de\/<\/a><\/p>\n<\/div><\/div>\n\n\n\n<p><\/p>\n\n\n\n<div class=\"wp-block-media-text alignfull is-stacked-on-mobile\" style=\"grid-template-columns:25% auto\"><figure class=\"wp-block-media-text__media\"><img loading=\"lazy\" decoding=\"async\" width=\"1024\" height=\"768\" src=\"https:\/\/zum-muehlbauer.de\/wp-content\/uploads\/2021\/10\/walchensee-4.3-1024x768.jpg\" alt=\"\" class=\"wp-image-937 size-full\" srcset=\"https:\/\/zum-muehlbauer.de\/wp-content\/uploads\/2021\/10\/walchensee-4.3-1024x768.jpg 1024w, https:\/\/zum-muehlbauer.de\/wp-content\/uploads\/2021\/10\/walchensee-4.3-300x225.jpg 300w, https:\/\/zum-muehlbauer.de\/wp-content\/uploads\/2021\/10\/walchensee-4.3-768x576.jpg 768w, https:\/\/zum-muehlbauer.de\/wp-content\/uploads\/2021\/10\/walchensee-4.3-1536x1152.jpg 1536w\" sizes=\"auto, (max-width: 1024px) 100vw, 1024px\" \/><\/figure><div class=\"wp-block-media-text__content\">\n<p><\/p>\n\n\n\n<p><strong>Walchensee:<\/strong><\/p>\n\n\n\n<p>Der Walchensee ist einer der tiefsten (max. Tiefe: 190 m) und zugleich einer der gr\u00f6\u00dften Alpenseen Deutschlands. An hei\u00dfen Sommertagen k\u00f6nnen Sie sich an einem der Str\u00e4nde im Wasser abk\u00fchlen oder mit einen SUP \u00fcber den See gleiten.<\/p>\n\n\n\n<p><\/p>\n<\/div><\/div>\n\n\n\n<p><\/p>\n\n\n\nngg_shortcode_0_placeholder\n\n\n\n<p><\/p>\n\n\n\n<p><\/p>\n\n\n\n<p><\/p>\n\n\n\n<p class=\"has-text-align-center\">weitere Tipps (siehe \u00f6rtlichem Veranstaltungskalender)<\/p>\n\n\n\n<p class=\"has-text-align-center\">Standkonzerte<\/p>\n\n\n\n<p class=\"has-text-align-center\">Heimatabend des Trachtenvereins Jachenau<\/p>\n\n\n\n<p class=\"has-text-align-center\">Kirchen- und Dorff\u00fchrungen<\/p>\n\n\n\n<p class=\"has-text-align-center\">Gef\u00fchrte Kr\u00e4uterwanderungen<\/p>\n\n\n\n<p><\/p>\n<\/div>\n<\/div>\n<\/div>\n<\/div>\n\n\n\n<div class=\"wp-block-group\"><div class=\"wp-block-group__inner-container is-layout-flow wp-block-group-is-layout-flow\">\n<hr class=\"wp-block-separator has-css-opacity is-style-dots\"\/>\n<\/div><\/div>\n\n\n\n<p><\/p>\n","protected":false},"excerpt":{"rendered":"<p>Urlaub in der Jachenau Sie wollen in Ihrem Urlaub entspannen und die Natur genie\u00dfen? Oder lieber die Gipfel der umliegenden Berge erklimmen? Oder doch lieber mit dem Rad die Landschaft erkunden? Dann sind Sie bei uns in der Jachenau genau richtig! Jachenau liegt 80 km s\u00fcdlich von M\u00fcnchen, zwischen Bad T\u00f6lz und Garmisch-Partenkirchen, in den [&hellip;]<\/p>\n","protected":false},"author":1,"featured_media":0,"parent":0,"menu_order":0,"comment_status":"closed","ping_status":"closed","template":"","meta":{"ngg_post_thumbnail":0,"footnotes":""},"class_list":["post-62","page","type-page","status-publish","hentry","entry"],"yoast_head":"<!-- This site is optimized with the Yoast SEO plugin v27.5 - https:\/\/yoast.com\/product\/yoast-seo-wordpress\/ -->\n<title>Urlaub in der Jachenau - Ferienwohnung &quot;Zum M\u00fchlbauer&quot;<\/title>\n<meta name=\"description\" content=\"Urlaub in der Jachenau, das l\u00e4sst den Alltagsstress vergessen. Inmitten intakter Natur und mit Bergkullisse l\u00e4sst es sich gut entspannen.\" \/>\n<meta name=\"robots\" content=\"index, follow, max-snippet:-1, max-image-preview:large, max-video-preview:-1\" \/>\n<link rel=\"canonical\" href=\"https:\/\/zum-muehlbauer.de\/index.php\/urlaub-in-der-jachenau\/\" \/>\n<meta property=\"og:locale\" content=\"de_DE\" \/>\n<meta property=\"og:type\" content=\"article\" \/>\n<meta property=\"og:title\" content=\"Urlaub in der Jachenau - Ferienwohnung &quot;Zum M\u00fchlbauer&quot;\" \/>\n<meta property=\"og:description\" content=\"Urlaub in der Jachenau, das l\u00e4sst den Alltagsstress vergessen. Inmitten intakter Natur und mit Bergkullisse l\u00e4sst es sich gut entspannen.\" \/>\n<meta property=\"og:url\" content=\"https:\/\/zum-muehlbauer.de\/index.php\/urlaub-in-der-jachenau\/\" \/>\n<meta property=\"og:site_name\" content=\"Zum M\u00fchlbauer\" \/>\n<meta property=\"article:modified_time\" content=\"2025-08-16T08:46:25+00:00\" \/>\n<meta property=\"og:image\" content=\"https:\/\/zum-muehlbauer.de\/wp-content\/uploads\/2021\/10\/schild-1-scaled.jpg\" \/>\n\t<meta property=\"og:image:width\" content=\"2560\" \/>\n\t<meta property=\"og:image:height\" content=\"1920\" \/>\n\t<meta property=\"og:image:type\" content=\"image\/jpeg\" \/>\n<meta name=\"twitter:card\" content=\"summary_large_image\" \/>\n<meta name=\"twitter:label1\" content=\"Gesch\u00e4tzte Lesezeit\" \/>\n\t<meta name=\"twitter:data1\" content=\"2\u00a0Minuten\" \/>\n<script type=\"application\/ld+json\" class=\"yoast-schema-graph\">{\"@context\":\"https:\\\/\\\/schema.org\",\"@graph\":[{\"@type\":\"WebPage\",\"@id\":\"https:\\\/\\\/zum-muehlbauer.de\\\/index.php\\\/urlaub-in-der-jachenau\\\/\",\"url\":\"https:\\\/\\\/zum-muehlbauer.de\\\/index.php\\\/urlaub-in-der-jachenau\\\/\",\"name\":\"Urlaub in der Jachenau - Ferienwohnung \\\"Zum M\u00fchlbauer\\\"\",\"isPartOf\":{\"@id\":\"https:\\\/\\\/zum-muehlbauer.de\\\/#website\"},\"primaryImageOfPage\":{\"@id\":\"https:\\\/\\\/zum-muehlbauer.de\\\/index.php\\\/urlaub-in-der-jachenau\\\/#primaryimage\"},\"image\":{\"@id\":\"https:\\\/\\\/zum-muehlbauer.de\\\/index.php\\\/urlaub-in-der-jachenau\\\/#primaryimage\"},\"thumbnailUrl\":\"https:\\\/\\\/zum-muehlbauer.de\\\/wp-content\\\/uploads\\\/2021\\\/10\\\/schild-1-1024x768.jpg\",\"datePublished\":\"2020-10-30T17:44:26+00:00\",\"dateModified\":\"2025-08-16T08:46:25+00:00\",\"description\":\"Urlaub in der Jachenau, das l\u00e4sst den Alltagsstress vergessen. Inmitten intakter Natur und mit Bergkullisse l\u00e4sst es sich gut entspannen.\",\"breadcrumb\":{\"@id\":\"https:\\\/\\\/zum-muehlbauer.de\\\/index.php\\\/urlaub-in-der-jachenau\\\/#breadcrumb\"},\"inLanguage\":\"de\",\"potentialAction\":[{\"@type\":\"ReadAction\",\"target\":[\"https:\\\/\\\/zum-muehlbauer.de\\\/index.php\\\/urlaub-in-der-jachenau\\\/\"]}]},{\"@type\":\"ImageObject\",\"inLanguage\":\"de\",\"@id\":\"https:\\\/\\\/zum-muehlbauer.de\\\/index.php\\\/urlaub-in-der-jachenau\\\/#primaryimage\",\"url\":\"https:\\\/\\\/zum-muehlbauer.de\\\/wp-content\\\/uploads\\\/2021\\\/10\\\/schild-1-scaled.jpg\",\"contentUrl\":\"https:\\\/\\\/zum-muehlbauer.de\\\/wp-content\\\/uploads\\\/2021\\\/10\\\/schild-1-scaled.jpg\",\"width\":2560,\"height\":1920},{\"@type\":\"BreadcrumbList\",\"@id\":\"https:\\\/\\\/zum-muehlbauer.de\\\/index.php\\\/urlaub-in-der-jachenau\\\/#breadcrumb\",\"itemListElement\":[{\"@type\":\"ListItem\",\"position\":1,\"name\":\"Home\",\"item\":\"https:\\\/\\\/zum-muehlbauer.de\\\/\"},{\"@type\":\"ListItem\",\"position\":2,\"name\":\"Urlaubsziel Jachenau\"}]},{\"@type\":\"WebSite\",\"@id\":\"https:\\\/\\\/zum-muehlbauer.de\\\/#website\",\"url\":\"https:\\\/\\\/zum-muehlbauer.de\\\/\",\"name\":\"Zum M\u00fchlbauer\",\"description\":\"im Sonnental Jachenau\",\"publisher\":{\"@id\":\"https:\\\/\\\/zum-muehlbauer.de\\\/#organization\"},\"potentialAction\":[{\"@type\":\"SearchAction\",\"target\":{\"@type\":\"EntryPoint\",\"urlTemplate\":\"https:\\\/\\\/zum-muehlbauer.de\\\/?s={search_term_string}\"},\"query-input\":{\"@type\":\"PropertyValueSpecification\",\"valueRequired\":true,\"valueName\":\"search_term_string\"}}],\"inLanguage\":\"de\"},{\"@type\":\"Organization\",\"@id\":\"https:\\\/\\\/zum-muehlbauer.de\\\/#organization\",\"name\":\"Zum M\u00fchlbauer\",\"url\":\"https:\\\/\\\/zum-muehlbauer.de\\\/\",\"logo\":{\"@type\":\"ImageObject\",\"inLanguage\":\"de\",\"@id\":\"https:\\\/\\\/zum-muehlbauer.de\\\/#\\\/schema\\\/logo\\\/image\\\/\",\"url\":\"https:\\\/\\\/zum-muehlbauer.de\\\/wp-content\\\/uploads\\\/2020\\\/12\\\/cropped-Logo.png\",\"contentUrl\":\"https:\\\/\\\/zum-muehlbauer.de\\\/wp-content\\\/uploads\\\/2020\\\/12\\\/cropped-Logo.png\",\"width\":150,\"height\":92,\"caption\":\"Zum M\u00fchlbauer\"},\"image\":{\"@id\":\"https:\\\/\\\/zum-muehlbauer.de\\\/#\\\/schema\\\/logo\\\/image\\\/\"}}]}<\/script>\n<!-- \/ Yoast SEO plugin. -->","yoast_head_json":{"title":"Urlaub in der Jachenau - Ferienwohnung \"Zum M\u00fchlbauer\"","description":"Urlaub in der Jachenau, das l\u00e4sst den Alltagsstress vergessen. Inmitten intakter Natur und mit Bergkullisse l\u00e4sst es sich gut entspannen.","robots":{"index":"index","follow":"follow","max-snippet":"max-snippet:-1","max-image-preview":"max-image-preview:large","max-video-preview":"max-video-preview:-1"},"canonical":"https:\/\/zum-muehlbauer.de\/index.php\/urlaub-in-der-jachenau\/","og_locale":"de_DE","og_type":"article","og_title":"Urlaub in der Jachenau - Ferienwohnung \"Zum M\u00fchlbauer\"","og_description":"Urlaub in der Jachenau, das l\u00e4sst den Alltagsstress vergessen. Inmitten intakter Natur und mit Bergkullisse l\u00e4sst es sich gut entspannen.","og_url":"https:\/\/zum-muehlbauer.de\/index.php\/urlaub-in-der-jachenau\/","og_site_name":"Zum M\u00fchlbauer","article_modified_time":"2025-08-16T08:46:25+00:00","og_image":[{"width":2560,"height":1920,"url":"https:\/\/zum-muehlbauer.de\/wp-content\/uploads\/2021\/10\/schild-1-scaled.jpg","type":"image\/jpeg"}],"twitter_card":"summary_large_image","twitter_misc":{"Gesch\u00e4tzte Lesezeit":"2\u00a0Minuten"},"schema":{"@context":"https:\/\/schema.org","@graph":[{"@type":"WebPage","@id":"https:\/\/zum-muehlbauer.de\/index.php\/urlaub-in-der-jachenau\/","url":"https:\/\/zum-muehlbauer.de\/index.php\/urlaub-in-der-jachenau\/","name":"Urlaub in der Jachenau - Ferienwohnung \"Zum M\u00fchlbauer\"","isPartOf":{"@id":"https:\/\/zum-muehlbauer.de\/#website"},"primaryImageOfPage":{"@id":"https:\/\/zum-muehlbauer.de\/index.php\/urlaub-in-der-jachenau\/#primaryimage"},"image":{"@id":"https:\/\/zum-muehlbauer.de\/index.php\/urlaub-in-der-jachenau\/#primaryimage"},"thumbnailUrl":"https:\/\/zum-muehlbauer.de\/wp-content\/uploads\/2021\/10\/schild-1-1024x768.jpg","datePublished":"2020-10-30T17:44:26+00:00","dateModified":"2025-08-16T08:46:25+00:00","description":"Urlaub in der Jachenau, das l\u00e4sst den Alltagsstress vergessen. Inmitten intakter Natur und mit Bergkullisse l\u00e4sst es sich gut entspannen.","breadcrumb":{"@id":"https:\/\/zum-muehlbauer.de\/index.php\/urlaub-in-der-jachenau\/#breadcrumb"},"inLanguage":"de","potentialAction":[{"@type":"ReadAction","target":["https:\/\/zum-muehlbauer.de\/index.php\/urlaub-in-der-jachenau\/"]}]},{"@type":"ImageObject","inLanguage":"de","@id":"https:\/\/zum-muehlbauer.de\/index.php\/urlaub-in-der-jachenau\/#primaryimage","url":"https:\/\/zum-muehlbauer.de\/wp-content\/uploads\/2021\/10\/schild-1-scaled.jpg","contentUrl":"https:\/\/zum-muehlbauer.de\/wp-content\/uploads\/2021\/10\/schild-1-scaled.jpg","width":2560,"height":1920},{"@type":"BreadcrumbList","@id":"https:\/\/zum-muehlbauer.de\/index.php\/urlaub-in-der-jachenau\/#breadcrumb","itemListElement":[{"@type":"ListItem","position":1,"name":"Home","item":"https:\/\/zum-muehlbauer.de\/"},{"@type":"ListItem","position":2,"name":"Urlaubsziel Jachenau"}]},{"@type":"WebSite","@id":"https:\/\/zum-muehlbauer.de\/#website","url":"https:\/\/zum-muehlbauer.de\/","name":"Zum M\u00fchlbauer","description":"im Sonnental Jachenau","publisher":{"@id":"https:\/\/zum-muehlbauer.de\/#organization"},"potentialAction":[{"@type":"SearchAction","target":{"@type":"EntryPoint","urlTemplate":"https:\/\/zum-muehlbauer.de\/?s={search_term_string}"},"query-input":{"@type":"PropertyValueSpecification","valueRequired":true,"valueName":"search_term_string"}}],"inLanguage":"de"},{"@type":"Organization","@id":"https:\/\/zum-muehlbauer.de\/#organization","name":"Zum M\u00fchlbauer","url":"https:\/\/zum-muehlbauer.de\/","logo":{"@type":"ImageObject","inLanguage":"de","@id":"https:\/\/zum-muehlbauer.de\/#\/schema\/logo\/image\/","url":"https:\/\/zum-muehlbauer.de\/wp-content\/uploads\/2020\/12\/cropped-Logo.png","contentUrl":"https:\/\/zum-muehlbauer.de\/wp-content\/uploads\/2020\/12\/cropped-Logo.png","width":150,"height":92,"caption":"Zum M\u00fchlbauer"},"image":{"@id":"https:\/\/zum-muehlbauer.de\/#\/schema\/logo\/image\/"}}]}},"jetpack_sharing_enabled":true,"_links":{"self":[{"href":"https:\/\/zum-muehlbauer.de\/index.php\/wp-json\/wp\/v2\/pages\/62","targetHints":{"allow":["GET"]}}],"collection":[{"href":"https:\/\/zum-muehlbauer.de\/index.php\/wp-json\/wp\/v2\/pages"}],"about":[{"href":"https:\/\/zum-muehlbauer.de\/index.php\/wp-json\/wp\/v2\/types\/page"}],"author":[{"embeddable":true,"href":"https:\/\/zum-muehlbauer.de\/index.php\/wp-json\/wp\/v2\/users\/1"}],"replies":[{"embeddable":true,"href":"https:\/\/zum-muehlbauer.de\/index.php\/wp-json\/wp\/v2\/comments?post=62"}],"version-history":[{"count":46,"href":"https:\/\/zum-muehlbauer.de\/index.php\/wp-json\/wp\/v2\/pages\/62\/revisions"}],"predecessor-version":[{"id":1292,"href":"https:\/\/zum-muehlbauer.de\/index.php\/wp-json\/wp\/v2\/pages\/62\/revisions\/1292"}],"wp:attachment":[{"href":"https:\/\/zum-muehlbauer.de\/index.php\/wp-json\/wp\/v2\/media?parent=62"}],"curies":[{"name":"wp","href":"https:\/\/api.w.org\/{rel}","templated":true}]}}